{"id":39,"date":"2016-07-26T16:58:09","date_gmt":"2016-07-26T16:58:09","guid":{"rendered":"http:\/\/aplic-abpac.org\/?page_id=39"},"modified":"2024-06-18T16:29:26","modified_gmt":"2024-06-18T16:29:26","slug":"alberta","status":"publish","type":"page","link":"https:\/\/aplic-abpac.org\/wordpress\/fr\/alberta\/","title":{"rendered":"Alberta"},"content":{"rendered":"<p>La Biblioth\u00e8que de l'Assembl\u00e9e l\u00e9gislative de l'Alberta a \u00e9t\u00e9 fond\u00e9e en 1906 et c'est M. William A. Buchanan (de Lethbridge), qui deviendra plus tard s\u00e9nateur, qui en a \u00e9t\u00e9 le tout premier biblioth\u00e9caire en chef. Elle a \u00e9t\u00e9 d\u00e9m\u00e9nag\u00e9e \u00e0 son emplacement actuel, dans l'\u00e9difice de l'Assembl\u00e9e, \u00e0 Edmonton, \u00e0 la fin de 1911, peu de temps avant l'ouverture officielle de l'\u00e9difice en 1912. Avant la construction d'un b\u00e2timent distinct pour les archives en 1963, la Biblioth\u00e8que servait \u00e0 la fois de biblioth\u00e8que parlementaire de l'Alberta et de lieu de conservation des archives provinciales. Depuis 1906, neuf biblioth\u00e9caires y ont travaill\u00e9.<\/p>\n<p>Les principaux clients de la Biblioth\u00e8que sont le lieutenant-gouverneur et les d\u00e9put\u00e9s. Comme elle constitue une subdivision du Bureau de l'Assembl\u00e9e l\u00e9gislative, elle rel\u00e8ve de la direction administrative du greffier. \u00c0 l\u2019instar des autres directions de l'organisation, elle fournit des services non partisans \u00e0 tous les parlementaires, peu importe leur appartenance politique. De plus, elle a toujours offert certains services aux fonctionnaires et au grand public.<\/p>\n<p>Au besoin, les salles de la Biblioth\u00e8que de l'Assembl\u00e9e l\u00e9gislative accueillent des \u00e9v\u00e9nements sp\u00e9ciaux comme des visites royales et diverses r\u00e9ceptions. Ainsi, le Pr\u00e9sident organise chaque ann\u00e9e depuis 1999 une journ\u00e9e portes ouvertes. Y sont aussi expos\u00e9s les exemplaires de l'Alberta des Livres du Souvenir, qui contiennent les noms des Canadiens qui sont morts \u00e0 la guerre.<\/p>\n<p>La collection est particuli\u00e8rement riche en documents dans les domaines de la science politique, de l'administration publique, du droit l\u00e9gislatif, de l'\u00e9conomique ainsi que de l'histoire de l'Alberta et du Canada. On y trouve aussi la plus importante collection de publications gouvernementales et d'hebdomadaires de la province, ainsi qu'une vaste collection de publications traitant d'histoire locale. La collection \u00e9lectronique comprend un recueil partiellement num\u00e9ris\u00e9 de coupures de journaux (le Scrapbook Hansard) de m\u00eame que des documents du gouvernement de l'Alberta.<\/p>\n<p>La Biblioth\u00e8que utilise le syst\u00e8me int\u00e9gr\u00e9 SirsiDynix's Symphony et son catalogue est accessible \u00e0 partir du site Web de l'Assembl\u00e9e l\u00e9gislative \u00e0 : www.assembly.ab.ca (en anglais seulement).<\/p>\n<p>De plus, les principaux clients peuvent utiliser, pour faire leurs recherches, plus d'une trentaine de bases de donn\u00e9es accessibles par abonnement et une gamme de services \u00e9lectroniques offerts \u00e0 partir des pages de la Biblioth\u00e8que qui se trouvent dans le site intranet du bureau de l'Assembl\u00e9e l\u00e9gislative.<\/p>\n<p>La Biblioth\u00e8que est membre d\u2019un consortium provincial de biblioth\u00e8ques de divers types \u2013The Alberta Library ou TAL \u2013 qui ensemble cherchent \u00e0 am\u00e9liorer les services qu'elles offrent \u00e0 leur client\u00e8le. Elle a aussi \u00e9t\u00e9 d\u00e9sign\u00e9e biblioth\u00e8que de d\u00e9p\u00f4t universel pour les publications du gouvernement f\u00e9d\u00e9ral et du gouvernement de l'Alberta.<\/p>\n<p>Son personnel regroupe des biblioth\u00e9caires, des bibliotechniciens, du personnel administratif et de soutien, en plus des employ\u00e9s affect\u00e9s aux projets sp\u00e9ciaux.<\/p>","protected":false},"excerpt":{"rendered":"<p>La Biblioth\u00e8que de l&rsquo;Assembl\u00e9e l\u00e9gislative de l&rsquo;Alberta a \u00e9t\u00e9 fond\u00e9e en 1906 et c&rsquo;est M. William A. Buchanan (de Lethbridge), qui deviendra plus tard s\u00e9nateur, qui en a \u00e9t\u00e9 le tout premier biblioth\u00e9caire en chef. Elle a \u00e9t\u00e9 d\u00e9m\u00e9nag\u00e9e \u00e0 son emplacement actuel, dans l&rsquo;\u00e9difice de l&rsquo;Assembl\u00e9e, \u00e0 Edmonton, \u00e0 la fin de 1911, peu [&hellip;]<\/p>\n","protected":false},"author":1,"featured_media":0,"parent":0,"menu_order":0,"comment_status":"closed","ping_status":"closed","template":"page-memberprofile.php","meta":{"footnotes":""},"class_list":["post-39","page","type-page","status-publish","hentry"],"acf":[],"_links":{"self":[{"href":"https:\/\/aplic-abpac.org\/wordpress\/fr\/wp-json\/wp\/v2\/pages\/39","targetHints":{"allow":["GET"]}}],"collection":[{"href":"https:\/\/aplic-abpac.org\/wordpress\/fr\/wp-json\/wp\/v2\/pages"}],"about":[{"href":"https:\/\/aplic-abpac.org\/wordpress\/fr\/wp-json\/wp\/v2\/types\/page"}],"author":[{"embeddable":true,"href":"https:\/\/aplic-abpac.org\/wordpress\/fr\/wp-json\/wp\/v2\/users\/1"}],"replies":[{"embeddable":true,"href":"https:\/\/aplic-abpac.org\/wordpress\/fr\/wp-json\/wp\/v2\/comments?post=39"}],"version-history":[{"count":18,"href":"https:\/\/aplic-abpac.org\/wordpress\/fr\/wp-json\/wp\/v2\/pages\/39\/revisions"}],"predecessor-version":[{"id":2462,"href":"https:\/\/aplic-abpac.org\/wordpress\/fr\/wp-json\/wp\/v2\/pages\/39\/revisions\/2462"}],"wp:attachment":[{"href":"https:\/\/aplic-abpac.org\/wordpress\/fr\/wp-json\/wp\/v2\/media?parent=39"}],"curies":[{"name":"wp","href":"https:\/\/api.w.org\/{rel}","templated":true}]}}