{"id":41,"date":"2016-07-26T16:58:19","date_gmt":"2016-07-26T16:58:19","guid":{"rendered":"http:\/\/aplic-abpac.org\/?page_id=41"},"modified":"2016-09-26T00:04:42","modified_gmt":"2016-09-26T00:04:42","slug":"manitoba","status":"publish","type":"page","link":"https:\/\/aplic-abpac.org\/wordpress\/fr\/manitoba\/","title":{"rendered":"Manitoba"},"content":{"rendered":"<p>La Biblioth\u00e8que de l\u2019Assembl\u00e9e l\u00e9gislative du Manitoba est la plus ancienne biblioth\u00e8que du Manitoba et contient l\u2019une des plus importantes collections de ressources documentaires de la province. La Biblioth\u00e8que de l\u2019Assembl\u00e9e l\u00e9gislative du Manitoba a \u00e9t\u00e9 fond\u00e9e en 1870, l\u2019ann\u00e9e m\u00eame o\u00f9 la province s\u2019est jointe \u00e0 la Conf\u00e9d\u00e9ration. Son premier biblioth\u00e9caire, John Robertson, a \u00e9t\u00e9 nomm\u00e9 en 1884. En 1975, la Biblioth\u00e8que a connu une expansion, s\u2019\u00e9talant sur deux sites : la collection principale et les services sont pass\u00e9s \u00e0 un \u00e9difice r\u00e9nov\u00e9, soit l\u2019ancien Auditorium civique de Winnipeg, alors que la Salle de lecture est demeur\u00e9e dans le Palais l\u00e9gislatif.<br \/>\nLa Biblioth\u00e8que de l\u2019Assembl\u00e9e l\u00e9gislative est une source d\u2019information cl\u00e9 pour les membres de l\u2019Assembl\u00e9e l\u00e9gislative et pour les minist\u00e8res et les agences gouvernementaux. En tant que biblioth\u00e8que de recherche, il s\u2019agit \u00e9galement d\u2019une ressource importante pour la communaut\u00e9 universitaire, les chercheurs et le grand public. En vertu de la Loi sur la Biblioth\u00e8que de l\u2019Assembl\u00e9e l\u00e9gislative, la Biblioth\u00e8que fournit un service d\u2019information confidentiel et non partisan \u00e0 l\u2019Assembl\u00e9e l\u00e9gislative ainsi qu\u2019\u00e0 tous les autres clients.<br \/>\nLa collection comprend des publications qui datent des premiers jours de la province, une collection de livres rares conserv\u00e9s dans une vo\u00fbte \u00e0 conditions ambiantes contr\u00f4l\u00e9es, et des journaux manitobains remontant \u00e0 1859. Depuis 1919, la Biblioth\u00e8que b\u00e9n\u00e9ficie du d\u00e9p\u00f4t l\u00e9gal, qui rend obligatoire le d\u00e9p\u00f4t \u00e0 la biblioth\u00e8que d\u2019exemplaires de toutes les publications manitobaines, assurant du coup la pr\u00e9servation du patrimoine publi\u00e9 du Manitoba.<br \/>\nLe site Web de la Biblioth\u00e8que donne acc\u00e8s au catalogue en ligne ainsi qu\u2019aux liens vers un r\u00e9pertoire des publications du gouvernement manitobain et des nouveaux titres s\u00e9lectionn\u00e9s. De plus, le site fournit des liens vers les publications \u00e9lectroniques du gouvernement du Manitoba, une base de donn\u00e9es des rapports pr\u00e9vus par la loi, et des bases de donn\u00e9es commerciales.<\/p>","protected":false},"excerpt":{"rendered":"<p>La Biblioth\u00e8que de l\u2019Assembl\u00e9e l\u00e9gislative du Manitoba est la plus ancienne biblioth\u00e8que du Manitoba et contient l\u2019une des plus importantes collections de ressources documentaires de la province. La Biblioth\u00e8que de l\u2019Assembl\u00e9e l\u00e9gislative du Manitoba a \u00e9t\u00e9 fond\u00e9e en 1870, l\u2019ann\u00e9e m\u00eame o\u00f9 la province s\u2019est jointe \u00e0 la Conf\u00e9d\u00e9ration. Son premier biblioth\u00e9caire, John Robertson, a [&hellip;]<\/p>\n","protected":false},"author":1,"featured_media":0,"parent":0,"menu_order":0,"comment_status":"closed","ping_status":"closed","template":"page-memberprofile.php","meta":{"footnotes":""},"class_list":["post-41","page","type-page","status-publish","hentry"],"acf":[],"_links":{"self":[{"href":"https:\/\/aplic-abpac.org\/wordpress\/fr\/wp-json\/wp\/v2\/pages\/41","targetHints":{"allow":["GET"]}}],"collection":[{"href":"https:\/\/aplic-abpac.org\/wordpress\/fr\/wp-json\/wp\/v2\/pages"}],"about":[{"href":"https:\/\/aplic-abpac.org\/wordpress\/fr\/wp-json\/wp\/v2\/types\/page"}],"author":[{"embeddable":true,"href":"https:\/\/aplic-abpac.org\/wordpress\/fr\/wp-json\/wp\/v2\/users\/1"}],"replies":[{"embeddable":true,"href":"https:\/\/aplic-abpac.org\/wordpress\/fr\/wp-json\/wp\/v2\/comments?post=41"}],"version-history":[{"count":6,"href":"https:\/\/aplic-abpac.org\/wordpress\/fr\/wp-json\/wp\/v2\/pages\/41\/revisions"}],"predecessor-version":[{"id":333,"href":"https:\/\/aplic-abpac.org\/wordpress\/fr\/wp-json\/wp\/v2\/pages\/41\/revisions\/333"}],"wp:attachment":[{"href":"https:\/\/aplic-abpac.org\/wordpress\/fr\/wp-json\/wp\/v2\/media?parent=41"}],"curies":[{"name":"wp","href":"https:\/\/api.w.org\/{rel}","templated":true}]}}