{"id":53,"date":"2016-07-26T17:00:17","date_gmt":"2016-07-26T17:00:17","guid":{"rendered":"http:\/\/aplic-abpac.org\/?page_id=53"},"modified":"2016-09-26T00:17:58","modified_gmt":"2016-09-26T00:17:58","slug":"prince-edward-island-ile-du-prince-edouard","status":"publish","type":"page","link":"https:\/\/aplic-abpac.org\/wordpress\/fr\/prince-edward-island-ile-du-prince-edouard\/","title":{"rendered":"\u00cele-du-Prince-\u00c9douard"},"content":{"rendered":"<p>L\u2019Assembl\u00e9e l\u00e9gislative a autoris\u00e9, en septembre 2007, la reprise des services de biblioth\u00e8que l\u00e9gislative, ce qui a vraiment permis de relancer les travaux visant \u00e0 r\u00e9tablir une biblioth\u00e8que l\u00e9gislative dans cette province.<\/p>\n<p>Sur le plan historique, la biblioth\u00e8que l\u00e9gislative a d\u2019abord \u00e9t\u00e9 cr\u00e9\u00e9e lors de l\u2019\u00e9tablissement de l\u2019Assembl\u00e9e l\u00e9gislative, en 1773, quoique ce n\u2019est qu\u2019en 1847, lors de l\u2019inauguration du Colonial Building\u2013 connu aujourd\u2019hui sous le nom de Province House \u2013 que la biblioth\u00e8que a dispos\u00e9 d\u2019un endroit pour entreposer sa collection et offrir ses services. Alors situ\u00e9e au sommet des escaliers du deuxi\u00e8me \u00e9tage de la Province House, entre la chambre du Conseil l\u00e9gislatif et la chambre de l\u2019Assembl\u00e9e, la biblioth\u00e8que l\u00e9gislative conservait les archives et tous les documents de ce qui \u00e9tait \u00e0 l\u2019\u00e9poque une assembl\u00e9e bicam\u00e9rale. Aujourd\u2019hui, elle a \u00e9t\u00e9 restaur\u00e9e pour retrouver son \u00e9clat de 1864, quelques ann\u00e9es avant la Conf\u00e9d\u00e9ration.<\/p>\n<p>Toutefois, apr\u00e8s que l\u2019honorable Thomas W. Dodd eut fait en 1905 un legs de 5 000 $ en vue de la cr\u00e9ation d\u2019une biblioth\u00e8que publique, la vocation de la biblioth\u00e8que l\u00e9gislative commen\u00e7a \u00e0 changer. La collection de la biblioth\u00e8que publique \u2013 connue sous le nom de biblioth\u00e8que Dodd \u2013 fut donc install\u00e9e dans la biblioth\u00e8que l\u00e9gislative et en 1971, apr\u00e8s une expansion constante de la biblioth\u00e8que publique et le d\u00e9m\u00e9nagement de la collection regroup\u00e9e, la biblioth\u00e8que l\u00e9gislative devint la responsabilit\u00e9 du minist\u00e8re de l\u2019\u00c9ducation et une composante de la Confederation Centre Public Library.<\/p>\n<p>La biblioth\u00e8que se trouve maintenant au premier \u00e9tage du George Coles Building, \u00e0 c\u00f4t\u00e9 de la Province House, et les r\u00e9novations de ses locaux seront bient\u00f4t termin\u00e9es. Une collection de base a \u00e9t\u00e9 constitu\u00e9e (rapports annuels r\u00e9cents, plans financiers, publications de la Chambre, journaux, p\u00e9riodiques et ouvrages de r\u00e9f\u00e9rence g\u00e9n\u00e9raux), en plus d\u2019une petite collection g\u00e9n\u00e9rale contenant des ouvrages sur l\u2019administration publique, l\u2019\u00e9conomique, les pratiques agricoles durables et la biodiversit\u00e9. Son budget d\u2019acquisition annuel est d\u2019environ 20,000 $.<\/p>\n<p>Deux employ\u00e9s permanents, soit un biblioth\u00e9caire professionnel et un recherchiste, fournissent des services de recherche et de r\u00e9f\u00e9rence aux comit\u00e9s de la Chambre, aux d\u00e9put\u00e9s et au personnel de la Chambre. Le public est autoris\u00e9 \u00e0 utiliser les ressources de la biblioth\u00e8que, mais ne peut emprunter de documents.<\/p>","protected":false},"excerpt":{"rendered":"<p>L\u2019Assembl\u00e9e l\u00e9gislative a autoris\u00e9, en septembre 2007, la reprise des services de biblioth\u00e8que l\u00e9gislative, ce qui a vraiment permis de relancer les travaux visant \u00e0 r\u00e9tablir une biblioth\u00e8que l\u00e9gislative dans cette province. Sur le plan historique, la biblioth\u00e8que l\u00e9gislative a d\u2019abord \u00e9t\u00e9 cr\u00e9\u00e9e lors de l\u2019\u00e9tablissement de l\u2019Assembl\u00e9e l\u00e9gislative, en 1773, quoique ce n\u2019est qu\u2019en [&hellip;]<\/p>\n","protected":false},"author":1,"featured_media":0,"parent":0,"menu_order":0,"comment_status":"closed","ping_status":"closed","template":"page-memberprofile.php","meta":{"footnotes":""},"class_list":["post-53","page","type-page","status-publish","hentry"],"acf":[],"_links":{"self":[{"href":"https:\/\/aplic-abpac.org\/wordpress\/fr\/wp-json\/wp\/v2\/pages\/53","targetHints":{"allow":["GET"]}}],"collection":[{"href":"https:\/\/aplic-abpac.org\/wordpress\/fr\/wp-json\/wp\/v2\/pages"}],"about":[{"href":"https:\/\/aplic-abpac.org\/wordpress\/fr\/wp-json\/wp\/v2\/types\/page"}],"author":[{"embeddable":true,"href":"https:\/\/aplic-abpac.org\/wordpress\/fr\/wp-json\/wp\/v2\/users\/1"}],"replies":[{"embeddable":true,"href":"https:\/\/aplic-abpac.org\/wordpress\/fr\/wp-json\/wp\/v2\/comments?post=53"}],"version-history":[{"count":4,"href":"https:\/\/aplic-abpac.org\/wordpress\/fr\/wp-json\/wp\/v2\/pages\/53\/revisions"}],"predecessor-version":[{"id":343,"href":"https:\/\/aplic-abpac.org\/wordpress\/fr\/wp-json\/wp\/v2\/pages\/53\/revisions\/343"}],"wp:attachment":[{"href":"https:\/\/aplic-abpac.org\/wordpress\/fr\/wp-json\/wp\/v2\/media?parent=53"}],"curies":[{"name":"wp","href":"https:\/\/api.w.org\/{rel}","templated":true}]}}